{"id":3950,"date":"2019-06-06T18:40:34","date_gmt":"2019-06-06T17:40:34","guid":{"rendered":"http:\/\/revistaeco.cepcordoba.es\/?page_id=3950"},"modified":"2026-04-01T15:38:09","modified_gmt":"2026-04-01T14:38:09","slug":"organigrama-2","status":"publish","type":"page","link":"http:\/\/revistaeco.cepcordoba.es\/index.php\/organigrama-2\/","title":{"rendered":"Organigrama"},"content":{"rendered":"<h3>Director<\/h3>\n<h4>Jos\u00e9 Moraga Campos<\/h4>\n<p>Centro del Profesorado de C\u00f3rdoba.<br \/>\njose.moraga@cepcordoba.org<\/p>\n<h3>Redacci\u00f3n ejecutiva<\/h3>\n<table style=\"border-collapse: collapse; width: 100%;\">\n<tbody>\n<tr>\n<td style=\"width: 50%;\">\n<h4>Maite Baena Alc\u00e1ntara<\/h4>\n<p>Centro del Profesorado de C\u00f3rdoba.<br \/>\nmaitebaena@cepcordoba.org<\/td>\n<td style=\"width: 50%;\"><\/td>\n<\/tr>\n<\/tbody>\n<\/table>\n<h3>Consejo de redacci\u00f3n<\/h3>\n<table style=\"border-collapse: collapse; width: 100%;\">\n<tbody>\n<tr>\n<td style=\"width: 50%;\">\n<h4>Mercedes Arias Gonz\u00e1lez<\/h4>\n<p>Centro del Profesorado de C\u00f3rdoba.<br \/>\nmercedes.arias@cepcordoba.org<\/td>\n<td style=\"width: 50%;\">\n<h4>Ana Casas Bartra<\/h4>\n<p>Centro del Profesorado de C\u00f3rdoba.<br \/>\nana.casas.edu@juntadeandalucia.es<\/td>\n<\/tr>\n<tr>\n<td style=\"width: 50%;\">\n<h4>Nieves Dugo F\u00e1lder<\/h4>\n<p>Centro del Profesorado de C\u00f3rdoba.<br \/>\nmnieves.dugo.edu@juntadeandalucia.es<\/td>\n<td style=\"width: 50%;\">\n<h4>Raquel Villalba Salmer\u00f3n<\/h4>\n<p>Centro del Profesorado de C\u00f3rdoba.<br \/>\nraquel.villalba@cepcordoba.org<\/td>\n<\/tr>\n<\/tbody>\n<\/table>\n<h3>Comit\u00e9 cient\u00edfico<\/h3>\n<table style=\"border-collapse: collapse; width: 100%;\">\n<tbody>\n<tr>\n<td style=\"width: 50%;\">\n<h4>Pablo \u00c1lvarez Dom\u00ednguez<\/h4>\n<p>Universidad de Sevilla<\/td>\n<td style=\"width: 50%;\">\n<h4>Azahara Ar\u00e9valo Gal\u00e1n<\/h4>\n<p>C.E.I.P. Duque de Rivas (C\u00f3rdoba)<\/td>\n<\/tr>\n<tr>\n<td style=\"width: 50%;\">\n<h4>Rafael Bracho L\u00f3pez<\/h4>\n<p>Universidad de C\u00f3rdoba<\/td>\n<td style=\"width: 50%;\">\n<h4>Miguel Calvillo Jurado<\/h4>\n<\/td>\n<\/tr>\n<tr>\n<td style=\"width: 50%;\">\n<h4>Linda Johanna Casta\u00f1eda Quintero<\/h4>\n<p>Universidad de Murcia<\/td>\n<td style=\"width: 50%;\">\n<h4>Beatriz Corpas Mart\u00edn<\/h4>\n<p>C.E.I.P. Araceli Bujalance Arcos (Encinarejo, C\u00f3rdoba)<\/td>\n<\/tr>\n<tr>\n<td style=\"width: 50%;\">\n<h4>Alberto D\u00edaz-Villase\u00f1or Cabrera<\/h4>\n<p>Centro del Profesorado de Pe\u00f1arroya-Pueblonuevo (C\u00f3rdoba)<\/td>\n<td style=\"width: 50%;\">\n<h4>Beatriz Garrido Ramos<\/h4>\n<p>Universidad Nacional de Educaci\u00f3n a Distancia (UNED).<\/td>\n<\/tr>\n<tr>\n<td style=\"width: 50%;\">\n<h4>Leonor Mart\u00ednez Serrano<\/h4>\n<p>Universidad de C\u00f3rdoba<\/td>\n<td style=\"width: 50%;\">\n<h4>Joaqu\u00edn Mesa S\u00e1nchez<\/h4>\n<p>I.E.S. Gran Capit\u00e1n (C\u00f3rdoba)<\/td>\n<\/tr>\n<tr>\n<td style=\"width: 50%;\">\n<h4>V\u00edctor Pablo Pardo Arquero<\/h4>\n<p>C.E.I.P. Antonio Machado (Lucena, C\u00f3rdoba)<\/td>\n<td style=\"width: 50%;\">\n<h4>Jos\u00e9 Ram\u00f3n Pedraza Serrano<\/h4>\n<p>I.E.S. Averroes (C\u00f3rdoba)<\/td>\n<\/tr>\n<tr>\n<td style=\"width: 50%;\">\n<h4>\u00c1ngel Manuel Ramos Zamora<\/h4>\n<p>I.E.S. Alminares. Arcos de la Frontera (C\u00e1diz)<\/td>\n<td style=\"width: 50%;\">\n<h4>Jos\u00e9 Mar\u00eda Ruiz Palomo<\/h4>\n<p>I.E.S. Cartima (Estaci\u00f3n de C\u00e1rtama, M\u00e1laga)<\/td>\n<\/tr>\n<tr>\n<td style=\"width: 50%;\">\n<h4>Jos\u00e9 Carlos Ruiz S\u00e1nchez<\/h4>\n<p>Universidad de C\u00f3rdoba<\/td>\n<td style=\"width: 50%;\">\n<h4>Emilio Sol\u00eds Ram\u00edrez<\/h4>\n<p>Universidad de Sevilla<\/td>\n<\/tr>\n<tr>\n<td style=\"width: 50%;\">\n<h4>Margarita Vald\u00e9s D\u00edaz<\/h4>\n<p>C. del Profesorado y de Recursos de Avil\u00e9s-Occidente (Asturias)<\/td>\n<td style=\"width: 50%;\">\n<h4>Manuel Toribio Garc\u00eda<\/h4>\n<p>Historiador<\/p>\n<h4><\/h4>\n<\/td>\n<\/tr>\n<tr>\n<td style=\"width: 50%;\">\n<h4>Fernando Trujillo S\u00e1ez<\/h4>\n<p>Universidad de Granada<\/td>\n<td style=\"width: 50%;\">\n<h4>Pilar V\u00e1zquez Fern\u00e1ndez<\/h4>\n<p>Equipo de Orientaci\u00f3n Educativa de Palma del R\u00edo (C\u00f3rdoba)<\/td>\n<\/tr>\n<\/tbody>\n<\/table>\n<h3>\u00c1rea de dise\u00f1o y publicaci\u00f3n<\/h3>\n<table style=\"border-collapse: collapse; width: 100%;\">\n<tbody>\n<tr>\n<td style=\"width: 50%;\">\n<h4>Alfonso G\u00f3mez Barbudo<\/h4>\n<p>Centro del Profesorado de C\u00f3rdoba<br \/>\n<b>Responsable de dise\u00f1o y mantenimiento<\/b><br \/>\nalfonso@cepcordoba.org<\/td>\n<td style=\"width: 50%;\">\n<h4>Mar\u00eda Teresa Acisclos Garc\u00eda<\/h4>\n<p>Centro del Profesorado de C\u00f3rdoba<br \/>\n<b>Redes sociales y difusi\u00f3n<\/b><br \/>\nmacigar510@g.educaand.es<\/td>\n<\/tr>\n<\/tbody>\n<\/table>\n<h4><\/h4>\n<h3>\u00c1rea de administraci\u00f3n y gesti\u00f3n<\/h3>\n<h4>Carlos Manuel Tapia Agredano<\/h4>\n<p>Centro del Profesorado de C\u00f3rdoba.<\/p>\n<h3><\/h3>\n<h3>Coordinaci\u00f3n de monogr\u00e1ficos<\/h3>\n<table style=\"border-collapse: collapse; width: 100%;\">\n<tbody>\n<tr>\n<td style=\"width: 50%;\">\n<h4>Jos\u00e9 Moraga Campos<\/h4>\n<p>Ciencias Sociales, septiembre 2009<\/td>\n<td style=\"width: 50%;\">\n<h4>Miguel Calvillo Jurado<\/h4>\n<p>Bibliotecas Escolares, octubre 2010<\/td>\n<\/tr>\n<tr>\n<td style=\"width: 50%;\">\n<h4>Rosario Rold\u00e1n Ruiz<\/h4>\n<p>Coeducaci\u00f3n, abril 2010<\/td>\n<td style=\"width: 50%;\">\n<h4>Pilar Torres Ca\u00f1o<\/h4>\n<p>Pluriling\u00fcismo, junio 2011<\/td>\n<\/tr>\n<tr>\n<td style=\"width: 50%;\">\n<h4>Juan Carlos Collantes Est\u00e9vez<\/h4>\n<p>Ciencias experimentales, enero 2012<\/td>\n<td style=\"width: 50%;\">\n<h4>Carmen Lara Poveda<\/h4>\n<p>Educaci\u00f3n infantil, abril 2013<\/td>\n<\/tr>\n<tr>\n<td style=\"width: 50%;\">\n<h4>Francisco Bl\u00e1zquez Ruiz<\/h4>\n<p>Programas europeos, abril 2014<\/td>\n<td style=\"width: 50%;\">\n<h4>Mercedes Arias Gonz\u00e1lez<\/h4>\n<p>Competencia cultural y art\u00edstica. La E. Musical, abril de 2015<\/td>\n<\/tr>\n<tr>\n<td style=\"width: 50%;\">\n<h4>Miguel Calvillo Jurado<\/h4>\n<p>Educaci\u00f3n permanente de personas adultas, abril de 2016<\/td>\n<td style=\"width: 50%;\">\n<h4>Jos\u00e9 Moraga Campos<\/h4>\n<p>La educaci\u00f3n en perspectiva hist\u00f3rica. Abril de 2017<\/td>\n<\/tr>\n<tr>\n<td style=\"width: 50%;\">\n<h4>M. Calvillo Jurado y J. Moraga Campos<\/h4>\n<p>Asesoramiento educativo, Abril de 2018<\/td>\n<td style=\"width: 50%;\">\n<h4>M. Calvillo J., R. Landa N. y J. Moraga C.<\/h4>\n<p>Evaluaci\u00f3n. Abril 2019<\/td>\n<\/tr>\n<tr>\n<td style=\"width: 50%;\">\n<h4>Miguel Calvillo Jurado<\/h4>\n<p>Escuelas oficiales de Idiomas, Abril 2020<\/td>\n<td style=\"width: 50%;\">\n<h4>Manuel A. Jim\u00e9nez G\u00f3mez<\/h4>\n<p>TDE. Abril 2021<\/td>\n<\/tr>\n<tr>\n<td style=\"width: 50%;\"><\/td>\n<td style=\"width: 50%;\"><\/td>\n<\/tr>\n<\/tbody>\n<\/table>\n<h3>Pr\u00f3ximos monogr\u00e1ficos<\/h3>\n<h4><\/h4>\n<h3>Coordinaci\u00f3n de n\u00fameros extraordinarios<\/h3>\n<h4>Jos\u00e9 Moraga, Miguel Calvillo y Manuel Lucena<\/h4>\n<p>Formaci\u00f3n del profesorado, abril 2012<\/p>\n<h4>Beatriz Corpas Mart\u00edn, Miguel Calvillo Jurado y Mar\u00eda Dolores Jim\u00e9nez Valiente<\/h4>\n<p>Flamenco en el aula, enero, 2017<\/p>\n<h4>M\u00aa Dolores Jim\u00e9nez Valiente<\/h4>\n<p>Ense\u00f1anzas del r\u00e9gimen especial, diciembre, 2019<\/p>\n<h4>Leonor M. Mart\u00ednez Serrano<\/h4>\n<p>Erasmus+, octubre 2021<\/p>\n<h3><\/h3>\n<h3>Asesor\u00edas colaboradoras<\/h3>\n<table style=\"border-collapse: collapse; width: 100%; height: 276px;\">\n<tbody>\n<tr style=\"height: 69px;\">\n<td style=\"width: 50%; height: 69px;\">\n<h4>Emilio Cuevas Dom\u00ednguez<\/h4>\n<\/td>\n<td style=\"width: 50%; height: 69px;\">\n<h4>Miguel G\u00f3mez Mu\u00f1oz<\/h4>\n<\/td>\n<\/tr>\n<tr style=\"height: 69px;\">\n<td style=\"width: 50%; height: 69px;\">\n<h4><b>Roc\u00edo\u00a0 Carrillo Castillo<\/b><\/h4>\n<\/td>\n<td style=\"width: 50%; height: 69px;\">\n<h4>Sof\u00eda Rodr\u00edguez Cejudo<\/h4>\n<\/td>\n<\/tr>\n<tr style=\"height: 69px;\">\n<td style=\"width: 50%; height: 69px;\">\n<h4>Francisco R. Merino Mesa<\/h4>\n<\/td>\n<td style=\"width: 50%; height: 69px;\">\n<h4>Jorge M. Pardo Ramos<\/h4>\n<\/td>\n<\/tr>\n<tr style=\"height: 69px;\">\n<td style=\"width: 50%; height: 69px;\">\n<h4><b>Marcos Monje L\u00f3pez<\/b><\/h4>\n<\/td>\n<td style=\"width: 50%; height: 69px;\">\n<h4>\u00a0Mar\u00eda Pilar Mata S\u00e1nchez<\/h4>\n<\/td>\n<\/tr>\n<tr>\n<td style=\"width: 50%;\">\n<h4><b>Francisco Espa\u00f1a P\u00e9rez<\/b><\/h4>\n<\/td>\n<td style=\"width: 50%;\">\n<h4><\/h4>\n<\/td>\n<\/tr>\n<\/tbody>\n<\/table>\n<h3>Directora general<\/h3>\n<h4>Mar\u00eda Mercedes Arias Gonz\u00e1lez<\/h4>\n<p>Centro del Profesorado de C\u00f3rdoba<\/p>\n","protected":false},"excerpt":{"rendered":"<p>Director Jos\u00e9 Moraga Campos Centro del Profesorado de C\u00f3rdoba. jose.moraga@cepcordoba.org Redacci\u00f3n ejecutiva Maite Baena Alc\u00e1ntara Centro del Profesorado de C\u00f3rdoba. maitebaena@cepcordoba.org Consejo de redacci\u00f3n Mercedes Arias Gonz\u00e1lez Centro del Profesorado de C\u00f3rdoba. mercedes.arias@cepcordoba.org Ana Casas Bartra Centro del Profesorado de C\u00f3rdoba. ana.casas.edu@juntadeandalucia.es Nieves Dugo F\u00e1lder Centro del Profesorado de C\u00f3rdoba. mnieves.dugo.edu@juntadeandalucia.es Raquel Villalba Salmer\u00f3n Centro &hellip; <\/p>\n<p><a class=\"more-link btn\" href=\"http:\/\/revistaeco.cepcordoba.es\/index.php\/organigrama-2\/\">Seguir leyendo<\/a><\/p>\n","protected":false},"author":1,"featured_media":0,"parent":0,"menu_order":0,"comment_status":"closed","ping_status":"closed","template":"","meta":{"jetpack_post_was_ever_published":false,"footnotes":""},"class_list":["post-3950","page","type-page","status-publish","hentry","nodate","item-wrap"],"jetpack_sharing_enabled":true,"jetpack_shortlink":"https:\/\/wp.me\/P8j08t-11I","_links":{"self":[{"href":"http:\/\/revistaeco.cepcordoba.es\/index.php\/wp-json\/wp\/v2\/pages\/3950","targetHints":{"allow":["GET"]}}],"collection":[{"href":"http:\/\/revistaeco.cepcordoba.es\/index.php\/wp-json\/wp\/v2\/pages"}],"about":[{"href":"http:\/\/revistaeco.cepcordoba.es\/index.php\/wp-json\/wp\/v2\/types\/page"}],"author":[{"embeddable":true,"href":"http:\/\/revistaeco.cepcordoba.es\/index.php\/wp-json\/wp\/v2\/users\/1"}],"replies":[{"embeddable":true,"href":"http:\/\/revistaeco.cepcordoba.es\/index.php\/wp-json\/wp\/v2\/comments?post=3950"}],"version-history":[{"count":111,"href":"http:\/\/revistaeco.cepcordoba.es\/index.php\/wp-json\/wp\/v2\/pages\/3950\/revisions"}],"predecessor-version":[{"id":6176,"href":"http:\/\/revistaeco.cepcordoba.es\/index.php\/wp-json\/wp\/v2\/pages\/3950\/revisions\/6176"}],"wp:attachment":[{"href":"http:\/\/revistaeco.cepcordoba.es\/index.php\/wp-json\/wp\/v2\/media?parent=3950"}],"curies":[{"name":"wp","href":"https:\/\/api.w.org\/{rel}","templated":true}]}}